{"id":1742,"date":"2017-08-10T19:01:27","date_gmt":"2017-08-10T19:01:27","guid":{"rendered":"http:\/\/lesgarderieskids.com\/our-programs\/music-appreciation\/"},"modified":"2020-10-07T18:32:26","modified_gmt":"2020-10-07T18:32:26","slug":"lappreciation-de-la-musique","status":"publish","type":"page","link":"https:\/\/lesgarderieskids.com\/fr\/nos-programmes\/lappreciation-de-la-musique\/","title":{"rendered":"L\u2019appr\u00e9ciation de la musique"},"content":{"rendered":"<p>[et_pb_section fb_built=\u00a0\u00bb1&Prime; fullwidth=\u00a0\u00bbon\u00a0\u00bb _builder_version=\u00a0\u00bb4.0.6&Prime; custom_margin=\u00a0\u00bb0px||0px||false|false\u00a0\u00bb custom_padding=\u00a0\u00bb0px||0px||false|false\u00a0\u00bb][et_pb_fullwidth_header title=\u00a0\u00bbL\u2019appr\u00e9ciation de la musique\u00a0\u00bb subhead=\u00a0\u00bbNotre programme \u00e9ducatif enrichi offre \u00e0 votre enfant de la musique en direct. Des chants et des activit\u00e9s musicales quotidiennes ont lieu en permanence.\u00a0\u00bb text_orientation=\u00a0\u00bbcenter\u00a0\u00bb logo_image_url=\u00a0\u00bbhttp:\/\/lesgarderieskids.com\/wp-content\/uploads\/2019\/11\/Our-Programs-K-I-D-S-Child-Care.jpg\u00a0\u00bb _builder_version=\u00a0\u00bb4.4.7&Prime; title_text_color=\u00a0\u00bb#2ea3f2&Prime; title_font_size=\u00a0\u00bb60px\u00a0\u00bb subhead_font=\u00a0\u00bb|300|||||||\u00a0\u00bb subhead_text_color=\u00a0\u00bb#666666&Prime; subhead_font_size=\u00a0\u00bb25px\u00a0\u00bb subhead_line_height=\u00a0\u00bb1.2em\u00a0\u00bb background_color=\u00a0\u00bbrgba(255, 255, 255, 0)\u00a0\u00bb background_enable_image=\u00a0\u00bboff\u00a0\u00bb max_width_tablet=\u00a0\u00bb50px\u00a0\u00bb title_font_size_tablet=\u00a0\u00bb40px\u00a0\u00bb title_font_size_phone=\u00a0\u00bb30px\u00a0\u00bb title_font_size_last_edited=\u00a0\u00bbon|phone\u00a0\u00bb custom_css_subtitle=\u00a0\u00bbpadding-top: 30px\u00a0\u00bb button_one_text_size__hover_enabled=\u00a0\u00bboff\u00a0\u00bb button_one_text_size__hover=\u00a0\u00bbnull\u00a0\u00bb button_two_text_size__hover_enabled=\u00a0\u00bboff\u00a0\u00bb button_two_text_size__hover=\u00a0\u00bbnull\u00a0\u00bb button_one_text_color__hover_enabled=\u00a0\u00bboff\u00a0\u00bb button_one_text_color__hover=\u00a0\u00bbnull\u00a0\u00bb button_two_text_color__hover_enabled=\u00a0\u00bboff\u00a0\u00bb button_two_text_color__hover=\u00a0\u00bbnull\u00a0\u00bb button_one_border_width__hover_enabled=\u00a0\u00bboff\u00a0\u00bb button_one_border_width__hover=\u00a0\u00bbnull\u00a0\u00bb button_two_border_width__hover_enabled=\u00a0\u00bboff\u00a0\u00bb button_two_border_width__hover=\u00a0\u00bbnull\u00a0\u00bb button_one_border_color__hover_enabled=\u00a0\u00bboff\u00a0\u00bb button_one_border_color__hover=\u00a0\u00bbnull\u00a0\u00bb button_two_border_color__hover_enabled=\u00a0\u00bboff\u00a0\u00bb button_two_border_color__hover=\u00a0\u00bbnull\u00a0\u00bb button_one_border_radius__hover_enabled=\u00a0\u00bboff\u00a0\u00bb button_one_border_radius__hover=\u00a0\u00bbnull\u00a0\u00bb button_two_border_radius__hover_enabled=\u00a0\u00bboff\u00a0\u00bb button_two_border_radius__hover=\u00a0\u00bbnull\u00a0\u00bb button_one_letter_spacing__hover_enabled=\u00a0\u00bbon\u00a0\u00bb button_one_letter_spacing__hover=\u00a0\u00bb0&Prime; button_two_letter_spacing__hover_enabled=\u00a0\u00bbon\u00a0\u00bb button_two_letter_spacing__hover=\u00a0\u00bb0&Prime; button_one_bg_color__hover_enabled=\u00a0\u00bboff\u00a0\u00bb button_one_bg_color__hover=\u00a0\u00bbnull\u00a0\u00bb button_two_bg_color__hover_enabled=\u00a0\u00bboff\u00a0\u00bb button_two_bg_color__hover=\u00a0\u00bbnull\u00a0\u00bb][\/et_pb_fullwidth_header][\/et_pb_section][et_pb_section fb_built=\u00a0\u00bb1&Prime; _builder_version=\u00a0\u00bb4.0.6&Prime; custom_margin=\u00a0\u00bb0px||||false|false\u00a0\u00bb custom_padding=\u00a0\u00bb0px||||false|false\u00a0\u00bb][et_pb_row column_structure=\u00a0\u00bb1_2,1_2&Prime; use_custom_gutter=\u00a0\u00bbon\u00a0\u00bb gutter_width=\u00a0\u00bb2&Prime; make_equal=\u00a0\u00bbon\u00a0\u00bb _builder_version=\u00a0\u00bb4.0.6&Prime; background_size=\u00a0\u00bbinitial\u00a0\u00bb background_position=\u00a0\u00bbtop_left\u00a0\u00bb background_repeat=\u00a0\u00bbrepeat\u00a0\u00bb][et_pb_column type=\u00a0\u00bb1_2&Prime; module_class=\u00a0\u00bbds-vertical-align\u00a0\u00bb _builder_version=\u00a0\u00bb4.0.6&Prime; custom_padding=\u00a0\u00bb|||\u00a0\u00bb custom_padding__hover=\u00a0\u00bb|||\u00a0\u00bb][et_pb_image src=\u00a0\u00bbhttp:\/\/lesgarderieskids.com\/wp-content\/uploads\/2019\/11\/music1.jpg\u00a0\u00bb alt=\u00a0\u00bbMusic appreciation kids daycare montreal\u00a0\u00bb align_tablet=\u00a0\u00bbcenter\u00a0\u00bb align_phone=\u00a0\u00bb\u00a0\u00bb align_last_edited=\u00a0\u00bbon|desktop\u00a0\u00bb _builder_version=\u00a0\u00bb4.0.6&Prime;][\/et_pb_image][\/et_pb_column][et_pb_column type=\u00a0\u00bb1_2&Prime; module_class=\u00a0\u00bbds-vertical-align\u00a0\u00bb _builder_version=\u00a0\u00bb4.0.6&Prime; custom_padding=\u00a0\u00bb|||\u00a0\u00bb custom_padding__hover=\u00a0\u00bb|||\u00a0\u00bb][et_pb_text _builder_version=\u00a0\u00bb4.4.8&Prime;]<\/p>\n<p><span style=\"font-weight: 400;\">Aux Garderies K.I.D.S., nous reconnaissons le r\u00f4le important que joue la musique dans le d\u00e9veloppement de l&rsquo;enfant. Tout au long de la journ\u00e9e, nos enfants se voient offerts une vari\u00e9t\u00e9 de styles et de sources musicales. La musique apporte un compl\u00e9ment dynamique \u00e0 nos activit\u00e9s quotidiennes. Les enfants apprennent non seulement les m\u00e9thodes traditionnelles de production de la musique, mais d\u00e9couvrent \u00e9galement comment nous pouvons appr\u00e9cier la musique dans notre vie quotidienne. Des rimes, des chansons et des chants de classe sont entendus tout au long de la journ\u00e9e.<\/span><\/p>\n<p>[\/et_pb_text][\/et_pb_column][\/et_pb_row][et_pb_row column_structure=\u00a0\u00bb1_2,1_2&Prime; use_custom_gutter=\u00a0\u00bbon\u00a0\u00bb gutter_width=\u00a0\u00bb2&Prime; make_equal=\u00a0\u00bbon\u00a0\u00bb disabled_on=\u00a0\u00bbon|on|off\u00a0\u00bb _builder_version=\u00a0\u00bb4.0.6&Prime; background_size=\u00a0\u00bbinitial\u00a0\u00bb background_position=\u00a0\u00bbtop_left\u00a0\u00bb background_repeat=\u00a0\u00bbrepeat\u00a0\u00bb][et_pb_column type=\u00a0\u00bb1_2&Prime; module_class=\u00a0\u00bbds-vertical-align\u00a0\u00bb _builder_version=\u00a0\u00bb4.0.6&Prime; custom_padding=\u00a0\u00bb|||\u00a0\u00bb custom_padding__hover=\u00a0\u00bb|||\u00a0\u00bb][et_pb_text _builder_version=\u00a0\u00bb4.4.8&Prime;]<\/p>\n<p><span style=\"font-weight: 400;\">Les symphonies \u00e0 l&rsquo;heure\u00a0 de la sieste initient les jeunes enfants \u00e0 la musique et \u00e0 la vie de compositeurs classiques tels que Beethoven, Vivaldi et Tcha\u00efkovski. Des extraits de ces compositeurs sont jou\u00e9s pendant la sieste et les repas. Nous lisons des histoires sur les musiciens, discutons de l&rsquo;\u00e9poque et des lieux o\u00f9 ils ont v\u00e9cu et \u00e9voquons certains des impacts de leur musique.<\/span><\/p>\n<p>[\/et_pb_text][\/et_pb_column][et_pb_column type=\u00a0\u00bb1_2&Prime; module_class=\u00a0\u00bbds-vertical-align\u00a0\u00bb _builder_version=\u00a0\u00bb4.0.6&Prime; custom_padding=\u00a0\u00bb|||\u00a0\u00bb custom_padding__hover=\u00a0\u00bb|||\u00a0\u00bb][et_pb_image src=\u00a0\u00bbhttp:\/\/lesgarderieskids.com\/wp-content\/uploads\/2019\/11\/music-3.jpg\u00a0\u00bb alt=\u00a0\u00bbMusic appreciation kids daycare montreal\u00a0\u00bb align_tablet=\u00a0\u00bbcenter\u00a0\u00bb align_phone=\u00a0\u00bb\u00a0\u00bb align_last_edited=\u00a0\u00bbon|desktop\u00a0\u00bb _builder_version=\u00a0\u00bb4.0.6&Prime;][\/et_pb_image][\/et_pb_column][\/et_pb_row][et_pb_row column_structure=\u00a0\u00bb1_2,1_2&Prime; use_custom_gutter=\u00a0\u00bbon\u00a0\u00bb gutter_width=\u00a0\u00bb2&Prime; make_equal=\u00a0\u00bbon\u00a0\u00bb disabled_on=\u00a0\u00bboff|off|on\u00a0\u00bb _builder_version=\u00a0\u00bb4.0.6&Prime; background_size=\u00a0\u00bbinitial\u00a0\u00bb background_position=\u00a0\u00bbtop_left\u00a0\u00bb background_repeat=\u00a0\u00bbrepeat\u00a0\u00bb][et_pb_column type=\u00a0\u00bb1_2&Prime; module_class=\u00a0\u00bbds-vertical-align\u00a0\u00bb _builder_version=\u00a0\u00bb4.0.6&Prime; custom_padding=\u00a0\u00bb|||\u00a0\u00bb custom_padding__hover=\u00a0\u00bb|||\u00a0\u00bb][et_pb_image src=\u00a0\u00bbhttp:\/\/lesgarderieskids.com\/wp-content\/uploads\/2019\/11\/music-3.jpg\u00a0\u00bb alt=\u00a0\u00bbMusic appreciation kids daycare montreal\u00a0\u00bb align_tablet=\u00a0\u00bbcenter\u00a0\u00bb align_phone=\u00a0\u00bb\u00a0\u00bb align_last_edited=\u00a0\u00bbon|desktop\u00a0\u00bb _builder_version=\u00a0\u00bb4.0.6&Prime;][\/et_pb_image][\/et_pb_column][et_pb_column type=\u00a0\u00bb1_2&Prime; module_class=\u00a0\u00bbds-vertical-align\u00a0\u00bb _builder_version=\u00a0\u00bb4.0.6&Prime; custom_padding=\u00a0\u00bb|||\u00a0\u00bb custom_padding__hover=\u00a0\u00bb|||\u00a0\u00bb][et_pb_text _builder_version=\u00a0\u00bb4.4.8&Prime;]<\/p>\n<p><span style=\"font-weight: 400;\">Les symphonies \u00e0 l&rsquo;heure\u00a0 de la sieste initient les jeunes enfants \u00e0 la musique et \u00e0 la vie de compositeurs classiques tels que Beethoven, Vivaldi et Tcha\u00efkovski. Des extraits de ces compositeurs sont jou\u00e9s pendant la sieste et les repas. Nous lisons des histoires sur les musiciens, discutons de l&rsquo;\u00e9poque et des lieux o\u00f9 ils ont v\u00e9cu et \u00e9voquons certains des impacts de leur musique.<\/span><\/p>\n<p>[\/et_pb_text][\/et_pb_column][\/et_pb_row][et_pb_row column_structure=\u00a0\u00bb1_2,1_2&Prime; use_custom_gutter=\u00a0\u00bbon\u00a0\u00bb gutter_width=\u00a0\u00bb2&Prime; make_equal=\u00a0\u00bbon\u00a0\u00bb _builder_version=\u00a0\u00bb4.0.6&Prime; background_size=\u00a0\u00bbinitial\u00a0\u00bb background_position=\u00a0\u00bbtop_left\u00a0\u00bb background_repeat=\u00a0\u00bbrepeat\u00a0\u00bb][et_pb_column type=\u00a0\u00bb1_2&Prime; module_class=\u00a0\u00bbds-vertical-align\u00a0\u00bb _builder_version=\u00a0\u00bb4.0.6&Prime; custom_padding=\u00a0\u00bb|||\u00a0\u00bb custom_padding__hover=\u00a0\u00bb|||\u00a0\u00bb][et_pb_image src=\u00a0\u00bbhttp:\/\/lesgarderieskids.com\/wp-content\/uploads\/2019\/11\/Music-2.jpg\u00a0\u00bb alt=\u00a0\u00bbMusic appreciation kids daycare montreal\u00a0\u00bb align_tablet=\u00a0\u00bbcenter\u00a0\u00bb align_phone=\u00a0\u00bb\u00a0\u00bb align_last_edited=\u00a0\u00bbon|desktop\u00a0\u00bb admin_label=\u00a0\u00bbImage\u00a0\u00bb _builder_version=\u00a0\u00bb4.0.6&Prime;][\/et_pb_image][\/et_pb_column][et_pb_column type=\u00a0\u00bb1_2&Prime; module_class=\u00a0\u00bbds-vertical-align\u00a0\u00bb _builder_version=\u00a0\u00bb4.0.6&Prime; custom_padding=\u00a0\u00bb|||\u00a0\u00bb custom_padding__hover=\u00a0\u00bb|||\u00a0\u00bb][et_pb_text _builder_version=\u00a0\u00bb4.4.8&Prime;]<\/p>\n<p><span style=\"font-weight: 400;\">Chaque jour, les enfants participent et s&rsquo;adonnent \u00e0 la musique en direct. Chanter en m\u00eame temps que la musique aide \u00e0 d\u00e9velopper les comp\u00e9tences linguistiques. La danse et le mouvement favorisent le d\u00e9veloppement de la motricit\u00e9 globale.<\/span><\/p>\n<p>[\/et_pb_text][\/et_pb_column][\/et_pb_row][et_pb_row _builder_version=\u00a0\u00bb4.0.6&Prime;][et_pb_column type=\u00a0\u00bb4_4&Prime; _builder_version=\u00a0\u00bb4.0.6&Prime;][et_pb_text _builder_version=\u00a0\u00bb4.4.8&Prime; header_2_text_color=\u00a0\u00bb#2ea3f2&Prime; custom_padding=\u00a0\u00bb40px||||false|false\u00a0\u00bb custom_padding_tablet=\u00a0\u00bb20px||||false|false\u00a0\u00bb custom_padding_phone=\u00a0\u00bb20px||||false|false\u00a0\u00bb custom_padding_last_edited=\u00a0\u00bbon|phone\u00a0\u00bb]<\/p>\n<h2><span style=\"font-weight: 400;\">Avantages de l&rsquo;initiation des enfants \u00e0 la musique d\u00e8s leur plus jeune \u00e2ge :<\/span><\/h2>\n<p>[\/et_pb_text][\/et_pb_column][\/et_pb_row][et_pb_row column_structure=\u00a0\u00bb3_5,2_5&Prime; use_custom_gutter=\u00a0\u00bbon\u00a0\u00bb gutter_width=\u00a0\u00bb2&Prime; make_equal=\u00a0\u00bbon\u00a0\u00bb disabled_on=\u00a0\u00bboff|off|off\u00a0\u00bb _builder_version=\u00a0\u00bb4.0.6&Prime; background_size=\u00a0\u00bbinitial\u00a0\u00bb background_position=\u00a0\u00bbtop_left\u00a0\u00bb background_repeat=\u00a0\u00bbrepeat\u00a0\u00bb][et_pb_column type=\u00a0\u00bb3_5&Prime; module_class=\u00a0\u00bbds-vertical-align\u00a0\u00bb _builder_version=\u00a0\u00bb4.0.6&Prime; custom_padding=\u00a0\u00bb|||\u00a0\u00bb custom_padding__hover=\u00a0\u00bb|||\u00a0\u00bb][et_pb_text _builder_version=\u00a0\u00bb4.4.8&Prime;]<\/p>\n<ul>\n<li><span style=\"font-weight: 400;\"> La musique am\u00e9liore l&rsquo;intelligence car elle aide \u00e0 d\u00e9finir la sph\u00e8re cognitive.<\/span><\/li>\n<li><span style=\"font-weight: 400;\"> La musique contribue \u00e0 renforcer le d\u00e9veloppement moteur et la coordination, car elle aide le corps et l&rsquo;esprit \u00e0 travailler ensemble.<\/span><\/li>\n<li><span style=\"font-weight: 400;\"> La musique augmente la conscience \u00e9motionnelle car elle d\u00e9clenche diff\u00e9rentes r\u00e9actions \u00e9motionnelles qui sont suceptibles d&rsquo;aider les enfants \u00e0 apprendre \u00e0 faire face \u00e0 leurs \u00e9motions et \u00e0 les explorer.<\/span><\/li>\n<li><span style=\"font-weight: 400;\"> La musique renforce les comp\u00e9tences sociales car la conscience de la relation entre le son et l&rsquo;\u00e9motion peut conduire \u00e0 l&rsquo;identification des \u00e9tats \u00e9motionnels d&rsquo;autres personnes \u00e0 partir de leur discours.<\/span><\/li>\n<li><span style=\"font-weight: 400;\">La musique aide \u00e0 la relaxation et \u00e0 la r\u00e9solution du stress, car il a \u00e9t\u00e9 d\u00e9montr\u00e9 qu&rsquo;elle r\u00e9duit le rythme cardiaque et la respiration et qu&rsquo;elle diminue les hormones du stress.<\/span><\/li>\n<\/ul>\n<p>[\/et_pb_text][\/et_pb_column][et_pb_column type=\u00a0\u00bb2_5&Prime; module_class=\u00a0\u00bbds-vertical-align\u00a0\u00bb _builder_version=\u00a0\u00bb4.0.6&Prime; custom_padding=\u00a0\u00bb|||\u00a0\u00bb custom_padding__hover=\u00a0\u00bb|||\u00a0\u00bb][et_pb_image src=\u00a0\u00bbhttp:\/\/lesgarderieskids.com\/wp-content\/uploads\/2020\/10\/music-new.jpg\u00a0\u00bb alt=\u00a0\u00bbArt appreciation kids daycare montreal\u00a0\u00bb align_tablet=\u00a0\u00bbcenter\u00a0\u00bb align_phone=\u00a0\u00bb\u00a0\u00bb align_last_edited=\u00a0\u00bbon|desktop\u00a0\u00bb admin_label=\u00a0\u00bbImage\u00a0\u00bb _builder_version=\u00a0\u00bb4.6.5&Prime; hover_enabled=\u00a0\u00bb0&Prime; title_text=\u00a0\u00bbmusic new\u00a0\u00bb sticky_enabled=\u00a0\u00bb0&Prime;][\/et_pb_image][\/et_pb_column][\/et_pb_row][\/et_pb_section][et_pb_section fb_built=\u00a0\u00bb1&Prime; _builder_version=\u00a0\u00bb4.0.6&Prime; background_color=\u00a0\u00bb#ededed\u00a0\u00bb custom_margin=\u00a0\u00bb0px||0px||false|false\u00a0\u00bb custom_padding=\u00a0\u00bb0px||0px||false|false\u00a0\u00bb top_divider_color=\u00a0\u00bb#2ea3f2&Prime; saved_tabs=\u00a0\u00bball\u00a0\u00bb][et_pb_row column_structure=\u00a0\u00bb1_3,1_3,1_3&Prime; _builder_version=\u00a0\u00bb4.0.6&Prime; custom_margin=\u00a0\u00bb0px||||false|false\u00a0\u00bb custom_padding=\u00a0\u00bb||||false|false\u00a0\u00bb][et_pb_column type=\u00a0\u00bb1_3&Prime; _builder_version=\u00a0\u00bb4.0.6&Prime;][et_pb_text _builder_version=\u00a0\u00bb4.0.6&Prime; text_font_size=\u00a0\u00bb12px\u00a0\u00bb link_text_color=\u00a0\u00bb#ddd\u00a0\u00bb link_font_size=\u00a0\u00bb14px\u00a0\u00bb]<\/p>\n<p>Les Garderies K.I.D.S.\u00a0<b class=\"whb\">\u00ae<\/b><\/p>\n<p>[\/et_pb_text][\/et_pb_column][et_pb_column type=\u00a0\u00bb1_3&Prime; _builder_version=\u00a0\u00bb4.0.6&Prime;][\/et_pb_column][et_pb_column type=\u00a0\u00bb1_3&Prime; _builder_version=\u00a0\u00bb4.0.6&Prime;][et_pb_text _builder_version=\u00a0\u00bb4.0.6&Prime; link_text_color=\u00a0\u00bb#666666&Prime; link_font_size=\u00a0\u00bb12px\u00a0\u00bb]<\/p>\n<p><a href=\"https:\/\/sparrowstrategy.com\/\" target=\"_blank\" rel=\"noopener\">Website design by SparrowDigital<\/a><\/p>\n<p>[\/et_pb_text][\/et_pb_column][\/et_pb_row][\/et_pb_section]<\/p>\n","protected":false},"excerpt":{"rendered":"<p>Aux Garderies K.I.D.S., nous reconnaissons le r\u00f4le important que joue la musique dans le d\u00e9veloppement de l&rsquo;enfant. Tout au long de la journ\u00e9e, nos enfants se voient offerts une vari\u00e9t\u00e9 de styles et de sources musicales. La musique apporte un compl\u00e9ment dynamique \u00e0 nos activit\u00e9s quotidiennes. Les enfants apprennent non seulement les m\u00e9thodes traditionnelles de [&hellip;]<\/p>\n","protected":false},"author":2,"featured_media":0,"parent":1737,"menu_order":0,"comment_status":"closed","ping_status":"closed","template":"","meta":{"_et_pb_use_builder":"on","_et_pb_old_content":"","_et_gb_content_width":"","footnotes":""},"class_list":["post-1742","page","type-page","status-publish","hentry"],"_links":{"self":[{"href":"https:\/\/lesgarderieskids.com\/fr\/wp-json\/wp\/v2\/pages\/1742","targetHints":{"allow":["GET"]}}],"collection":[{"href":"https:\/\/lesgarderieskids.com\/fr\/wp-json\/wp\/v2\/pages"}],"about":[{"href":"https:\/\/lesgarderieskids.com\/fr\/wp-json\/wp\/v2\/types\/page"}],"author":[{"embeddable":true,"href":"https:\/\/lesgarderieskids.com\/fr\/wp-json\/wp\/v2\/users\/2"}],"replies":[{"embeddable":true,"href":"https:\/\/lesgarderieskids.com\/fr\/wp-json\/wp\/v2\/comments?post=1742"}],"version-history":[{"count":7,"href":"https:\/\/lesgarderieskids.com\/fr\/wp-json\/wp\/v2\/pages\/1742\/revisions"}],"predecessor-version":[{"id":1982,"href":"https:\/\/lesgarderieskids.com\/fr\/wp-json\/wp\/v2\/pages\/1742\/revisions\/1982"}],"up":[{"embeddable":true,"href":"https:\/\/lesgarderieskids.com\/fr\/wp-json\/wp\/v2\/pages\/1737"}],"wp:attachment":[{"href":"https:\/\/lesgarderieskids.com\/fr\/wp-json\/wp\/v2\/media?parent=1742"}],"curies":[{"name":"wp","href":"https:\/\/api.w.org\/{rel}","templated":true}]}}